{"id":92,"date":"2015-11-30T21:02:44","date_gmt":"2015-11-30T19:02:44","guid":{"rendered":"http:\/\/u38803.shellit.info\/wordpress\/?page_id=92"},"modified":"2025-02-03T18:28:21","modified_gmt":"2025-02-03T16:28:21","slug":"ilkka-pahkinankuoressa","status":"publish","type":"page","link":"https:\/\/ilkkaroininen.fi\/wordpress\/ilkka-pahkinankuoressa\/","title":{"rendered":"Ilkka p\u00e4hkin\u00e4nkuoressa"},"content":{"rendered":"<p><b>&#8221;Uraputkeni&#8221;<\/b><\/p>\n<ul>\n<li>Tellus kuuli ensiparkaisuni elokuussa 1960. Sen j\u00e4lkeen olen sek\u00e4 parkunut, ett\u00e4 ollut hiljoksittain.<\/li>\n<li>Koulutupohjani on tuhti kansakoulu, joka tosin muuttui peruskouluksi ennenkuin sanoin sille hyv\u00e4stit.<\/li>\n<li>Vuoden kotona oltuani menin kahdeksi vuodeksi Peltosalmelle maatilatenkisen koulun viljelij\u00e4linjalle, josta valmistuin keskinkertaisella menestyksell\u00e4.<\/li>\n<li>13- vuotiaasta asti olen riehkassut kotitilani Nurmesniemen virkaatekev\u00e4n\u00e4 is\u00e4nt\u00e4n\u00e4, piikana ja renkin\u00e4.<\/li>\n<li>Viime vuodet olen sy\u00f6tt\u00e4nyt ja makkuuttanut er\u00e4tuvissa matkalaisia<\/li>\n<li>Olen my\u00f6s jo pitemp\u00e4\u00e4n toiminut <a href=\"https:\/\/rautavaara.helluntai.fi\/\">Rautavaaran helluntaiseurakunnan<\/a> pastorina<\/li>\n<\/ul>\n<p><b>Perheeni<\/b><\/p>\n<ul>\n<li>Puoliso Riitta (s. Kortelainen) avioliitossa kes\u00e4kuusta 1988, erityisopettaja<\/li>\n<li>Lapset Ville (s. -90) ja Anni (s. -94)<\/li>\n<\/ul>\n<p><b>Arvoni<\/b><\/p>\n<ul>\n<li>Synnyin uskovaisten perheeseen, enk\u00e4 osaa helluntailaisuuttani viel\u00e4k\u00e4\u00e4n h\u00e4vet\u00e4.<\/li>\n<li>Kunnioitan vanhoja el\u00e4m\u00e4narvoja melkein yht\u00e4paljon kuin ikuisia.<\/li>\n<li>Monipuolinen palvelu <a href=\"http:\/\/www.helluntai.fi\/\" target=\"_blank\" rel=\"noopener\">kotiseurakunnassani<\/a> on ollut kutsumukseni lapsesta saakka.<\/li>\n<li>Vuodesta 1984 olen ollut <a href=\"http:\/\/www.rautavaara.fi\/\" target=\"_blank\" rel=\"noopener\">Rautavaaran kunnassa<\/a> luottamushenkil\u00f6n\u00e4, 20 vuotta valtuutettunakin. Olen <a href=\"http:\/\/www.kdrautavaara.net\/\" target=\"_blank\" rel=\"noopener\">kristillisdemokraatti.<br \/>\n<\/a><\/li>\n<li>Olen toiminut my\u00f6s\u00a0\u00a0<a href=\"https:\/\/osastot.kd.fi\/savokarjala\/\">KD Pohjois-Savon<\/a> puheenjohtajana\u00a0ja t\u00e4ll\u00e4 hetkell\u00e4 johkan puhetta <a href=\"https:\/\/osastot.kd.fi\/koillis-savo\/\">Koillis-Savon<\/a> kristillisdemokraateissa<\/li>\n<\/ul>\n<p><b>Mielenkiintoni kohteet<\/b><\/p>\n<ul>\n<li>Musiikki; laulu ja harmonikan soitto<\/li>\n<li>Kotiseututy\u00f6, paikallishistorian tallentaminen<\/li>\n<\/ul>\n<p><a href=\"http:\/\/u38803.shellit.info\/wordpress\/wp-content\/uploads\/2015\/11\/ilkat_esitttely.jpg\"><img loading=\"lazy\" decoding=\"async\" class=\"alignleft wp-image-93 size-full\" src=\"http:\/\/u38803.shellit.info\/wordpress\/wp-content\/uploads\/2015\/11\/ilkat_esitttely.jpg\" alt=\"ilkat_esitttely\" width=\"546\" height=\"200\" srcset=\"https:\/\/ilkkaroininen.fi\/wordpress\/wp-content\/uploads\/2015\/11\/ilkat_esitttely.jpg 546w, https:\/\/ilkkaroininen.fi\/wordpress\/wp-content\/uploads\/2015\/11\/ilkat_esitttely-300x110.jpg 300w\" sizes=\"auto, (max-width: 546px) 100vw, 546px\" \/><\/a><\/p>\n","protected":false},"excerpt":{"rendered":"<p>&#8221;Uraputkeni&#8221; Tellus kuuli ensiparkaisuni elokuussa 1960. Sen j\u00e4lkeen olen sek\u00e4 parkunut, ett\u00e4 ollut hiljoksittain. Koulutupohjani on tuhti kansakoulu, joka tosin muuttui peruskouluksi ennenkuin sanoin sille hyv\u00e4stit. Vuoden kotona oltuani menin kahdeksi vuodeksi Peltosalmelle maatilatenkisen koulun viljelij\u00e4linjalle, josta valmistuin keskinkertaisella menestyksell\u00e4&#8230;.<br \/><a class=\"read-more-button\" href=\"https:\/\/ilkkaroininen.fi\/wordpress\/ilkka-pahkinankuoressa\/\">Luve lissee<\/a><\/p>\n","protected":false},"author":1,"featured_media":0,"parent":0,"menu_order":0,"comment_status":"closed","ping_status":"closed","template":"","meta":{"footnotes":""},"class_list":["post-92","page","type-page","status-publish","hentry"],"_links":{"self":[{"href":"https:\/\/ilkkaroininen.fi\/wordpress\/wp-json\/wp\/v2\/pages\/92","targetHints":{"allow":["GET"]}}],"collection":[{"href":"https:\/\/ilkkaroininen.fi\/wordpress\/wp-json\/wp\/v2\/pages"}],"about":[{"href":"https:\/\/ilkkaroininen.fi\/wordpress\/wp-json\/wp\/v2\/types\/page"}],"author":[{"embeddable":true,"href":"https:\/\/ilkkaroininen.fi\/wordpress\/wp-json\/wp\/v2\/users\/1"}],"replies":[{"embeddable":true,"href":"https:\/\/ilkkaroininen.fi\/wordpress\/wp-json\/wp\/v2\/comments?post=92"}],"version-history":[{"count":3,"href":"https:\/\/ilkkaroininen.fi\/wordpress\/wp-json\/wp\/v2\/pages\/92\/revisions"}],"predecessor-version":[{"id":131,"href":"https:\/\/ilkkaroininen.fi\/wordpress\/wp-json\/wp\/v2\/pages\/92\/revisions\/131"}],"wp:attachment":[{"href":"https:\/\/ilkkaroininen.fi\/wordpress\/wp-json\/wp\/v2\/media?parent=92"}],"curies":[{"name":"wp","href":"https:\/\/api.w.org\/{rel}","templated":true}]}}