{"id":95,"date":"2015-11-30T21:04:28","date_gmt":"2015-11-30T19:04:28","guid":{"rendered":"http:\/\/u38803.shellit.info\/wordpress\/?page_id=95"},"modified":"2025-02-11T14:53:40","modified_gmt":"2025-02-11T12:53:40","slug":"vaalikentilla-kysyttya","status":"publish","type":"page","link":"https:\/\/ilkkaroininen.fi\/wordpress\/vaalikentilla-kysyttya\/","title":{"rendered":"Vaalikentill\u00e4 kysytty\u00e4"},"content":{"rendered":"<p><strong>Periaatteitani kuntap\u00e4\u00e4tt\u00e4j\u00e4n\u00e4<\/strong><\/p>\n<ul>\n<li><strong>Demokratia<\/strong> on palautettava kuntapolitiikkaan<\/li>\n<li>Kuntaa ei johdeta sosiaalisella medialla vaan teht\u00e4viins\u00e4 valittujen luottamushenkil\u00f6iden <strong>asiaan paneutuvan<\/strong> p\u00e4\u00e4t\u00f6ksenteon kautta<\/li>\n<li><strong>Kohtuullisuus<\/strong> kaikessa kunniaan: kehitt\u00e4misess\u00e4 ja velkaantumisessa<\/li>\n<li>Kunnan ensisijainen teht\u00e4v\u00e4 on taata<strong> turvallinen<\/strong>,<strong> terve ja puhdas elinymp\u00e4rist\u00f6<\/strong> sen asukkaille<\/li>\n<li>Rautavaaran ainutlaatuisen puhdasta <strong>luontoa uhkaavat vaarat<\/strong> on p\u00e4\u00e4tt\u00e4v\u00e4isesti ja laajalla yhteisty\u00f6ll\u00e4 torjuttava: avolouhoskaivos ei ole mitenk\u00e4\u00e4n yhteen sovitettavissa ymp\u00e4rist\u00f6n ja luonnon puhtauden sek\u00e4 terveytemme s\u00e4ilytt\u00e4misen kanssa. On rohjettava tehd\u00e4 <strong>valinta<\/strong> on teht\u00e4v\u00e4 n\u00e4iden v\u00e4lilt\u00e4.<\/li>\n<li>Rautavaaran<strong> heikko-osaisimpien<\/strong> el\u00e4m\u00e4n laatu ja turva on kunnan edunvalvonnan kovinta ydint\u00e4.<br \/>\nRautavaaran p\u00e4\u00e4tt\u00e4j\u00e4t eiv\u00e4t voi ummistaa silmi\u00e4\u00e4n toimimattomille terveyspalveluille, vaan niiden puolustaminen on otettava <strong>t\u00e4rkeimm\u00e4ksi tavoitteeksi<\/strong> edunvalvonnan keinoin<\/li>\n<li>Kuntap\u00e4\u00e4tt\u00e4jien on laskeuduttava omista norsunluutorneistaan <strong>ottamaan asioista itse selv\u00e4\u00e4<\/strong>.<br \/>\nNykyiset kuntap\u00e4\u00e4tt\u00e4j\u00e4t tyytyv\u00e4t liiaksi valmiisiin, helppoihin ja vaihtoehdottomiin esityksiin.<br \/>\nJokaiseen asiaan l\u00f6ytyy useampi toteutustapa ja yksituumaisuuden l\u00f6ytymiseen siet\u00e4isi paneutua nykyist\u00e4 paljon enemm\u00e4n.<\/li>\n<li>Kunnan tehokas toiminta l\u00e4htee hyv\u00e4st\u00e4 <strong>ty\u00f6ilmapiirist\u00e4<\/strong> ja aidosta<strong> toistensa kunnioittamisesta<\/strong>.<br \/>\nSiihen eiv\u00e4t kuulu sanelu, vihjailu eik\u00e4 uhkailu.<\/li>\n<\/ul>\n<p><strong>Kuka olet, mit\u00e4 teet?<\/strong><\/p>\n<p>Olen Ilkka Roininen, rautavaaralainen maaseutuyritt\u00e4j\u00e4, jolla on Riitta-puoliso, sek\u00e4 lapset Ville\u00a0 ja Anni. Viljelen omaa maatilaa, varjelen ja hoidan perinnemaisemia sek\u00e4 palvelen matkailijoita. Puolet el\u00e4m\u00e4st\u00e4ni olen ollut kunnassa, seurakunnassa ja yhdistyksiss\u00e4 yhteisten asioiden hoitajana. Kev\u00e4ttalvella 2025 j\u00e4\u00e4n el\u00e4kkeelle mutta toimin yh\u00e4 aktiivisesti.<\/p>\n<p><strong>Miksi olet <a href=\"https:\/\/www.kd.fi\/\">kristillisdemokraatti<\/a>?<\/strong><\/p>\n<p>Uskottavuuskysymys! T\u00e4n\u00e4 juurettomuuden ja itsekeskeisyyden aikana on hyv\u00e4 olla poliittinen koti, jonka arvot ja tavoitteet voi aidosti jakaa. Suomessa yhteisi\u00e4 asioita hoidetaan pitk\u00e4lti puolueiden kautta, vaikka muitakin arvokkaita vaikuttamiskanavia on olemassa.<\/p>\n<p><strong>Mik\u00e4 olisi t\u00e4rkein paikallinen ja t\u00e4rkein maakunnallinen hanke, jota haluaisit ajaa?<\/strong><\/p>\n<p>Ydinperuspalvelujen (terveys ja sivistys) turvaaminen Rautavaaralla sek\u00e4 laajasti vaikuttavan mustaliuskekaivoshankkeen torjuminen.<\/p>\n<p><strong>Vanhustenhoito ja voidaanko ns. kolmannelle sektorille s\u00e4lytt\u00e4\u00e4 yhteiskunnalle kuuluvia teht\u00e4vi\u00e4?<\/strong><\/p>\n<p>Kannatan vanhustenhoitoa omalla asuinseudulla tai l\u00e4hell\u00e4 sukulaisia. Jos ik\u00e4\u00e4ntyneell\u00e4 on varaa yksityiseen hoitoon, niin sekin toki k\u00e4y. Haluaisin vauhdittaa vanhusten perhehoitoa. Sill\u00e4 olisi paljon tarvetta Rautavaaralla joko hoitajan kotona tapahtuvana tai ett\u00e4 hoitaja tulee vanhuksen omaan kotiin s\u00e4\u00e4nn\u00f6llisesti. Nyt koordinaatio hyvinvointialueen, vanhuksen ja omaisten kesken ei oikein toimi hyvin, eiv\u00e4tk\u00e4 vanhukset osaa hakea heille kuulivia palveluita oikeista paikoista.<\/p>\n<p>Kolmas sektori voi &#8211; ja sen pit\u00e4\u00e4kin &#8211; t\u00e4ydent\u00e4\u00e4 julkisia palveluita. Esimerkkein\u00e4 mahdollisista kolmannen sektorin toimenkuvista mainittakoon ik\u00e4\u00e4ntyneiden saattaminen ihmisten ilmoille, asiointipalvelut, yst\u00e4vyystoiminta, vajaakuntoisten viriketoiminta ja aktivointi, kunnan kulttuuritoiminta, kyl\u00e4toiminta sek\u00e4 kodin ja koulun yhteisty\u00f6n j\u00e4rjest\u00e4minen.<\/p>\n<p><strong>Miten ja mill\u00e4 omaishoitajia voidaan tukea?<\/strong><\/p>\n<p>Omaishoitajia voidaan tukea lakis\u00e4\u00e4teisill\u00e4 vapaap\u00e4ivill\u00e4, riitt\u00e4v\u00e4ll\u00e4 omaishoidon tuella ja omaishoitajille tarjottavilla terveys- ja virkistyspalveluilla. T\u00e4ytyy luoda j\u00e4rjestelm\u00e4, jossa omaishoitaja saa tarvittaessa lomittajan. Jos vaihtoehtoina ovat kotihoidon tuki tai laitoshoito, pit\u00e4\u00e4 omaishoidon tuen olla ehdoton oikeus, eik\u00e4 se saa miss\u00e4\u00e4n tapauksessa riippua kunnan taloudellisesta tilanteesta.<\/p>\n<p><strong>Miten parantaisit rautavaaralaista ty\u00f6tt\u00f6myytt\u00e4?<\/strong><\/p>\n<p>Olisi otettava\u00a0 kukonaskel sosiaalisen ty\u00f6llist\u00e4misen suuntaan. Ty\u00f6tt\u00f6mien, vaikeasti ty\u00f6llistett\u00e4vien, vajaakuntoisten ja osaty\u00f6llisien tukeen tulisi kytke\u00e4 mielekk\u00e4\u00e4n ty\u00f6paikan hakeminen ja l\u00f6yt\u00e4minen.<\/p>\n<p>Nuorten kes\u00e4ty\u00f6llistymist\u00e4 tulisi tukea enemm\u00e4n ja hakea nuorille matalan profiilin mahdollisuuksia tutustua ty\u00f6el\u00e4m\u00e4\u00e4n esimerkiksi kolmannen sektorin kautta.<\/p>\n<p>Ty\u00f6llist\u00e4misvastuun siirrytty\u00e4 kunnalle tulee rakentaa yhteisty\u00f6ss\u00e4 ty\u00f6nantajatahojen kanssa oma kunnallinen ty\u00f6llist\u00e4misstrategia, jossa kunta ei ota p\u00e4\u00e4lt\u00e4 motivoituneimpia ty\u00f6llistett\u00e4vi\u00e4 itselleen ja j\u00e4t\u00e4 v\u00e4hemm\u00e4n motivoituneet muille.<\/p>\n<p><strong>Sadan kunnan malli, tulevaisuuden totuus vai utopiaa. Mik\u00e4 on kuntakent\u00e4n tulevaisuus?<\/strong><\/p>\n<p>Sata kuntaa on h\u00f6p\u00f6puhetta, jos aiotaan s\u00e4ilytt\u00e4\u00e4 kunnallinen itsehallinto nykyisell\u00e4\u00e4n. Kuntarakenneuudistuksen etsikkoaika runsaine porkkanarahoineen oli ja meni. T\u00e4ll\u00e4 hetkell\u00e4 valtio, kunnat kuin kotitaloudetkin ovat korviaan my\u00f6ten veloissa, eik\u00e4 kuntaliitoksiin voida kannustaa kannustinrahoilla kuten ennen. Valtio touhuaa suunnittelum\u00e4\u00e4r\u00e4yksineen lukuisten vaatimusten kanssa. Kunnat ovat jo nyt helisem\u00e4ss\u00e4 niiden toteuttamisessa. Kaavamaiset ratkaisut on lyk\u00e4tty samanlaisina niin It\u00e4-Suomen kunnille kuin suur-Helsingillekin. Eih\u00e4n se niin voi menn\u00e4! Kuntakent\u00e4n rakenne muuttuu hiljalleen, jolloin ainoaksi toimivaksi ratkaisuksi on j\u00e4\u00e4m\u00e4ss\u00e4 valtion ja kuntien teht\u00e4v\u00e4jaon uudelleensopiminen.<\/p>\n\n\n<p><strong>Vankka kokemus luottamustoimista kunnassa<\/strong><\/p>\n\n\n\n<p><strong>Puheenjohtajuudet<\/strong><\/p>\n\n\n\n<ul class=\"wp-block-list\">\n<li>Kunnanvaltuusto vpj. 1 vuosi<\/li>\n\n\n\n<li>Oikeusapulautakunta vpj. 4 vuotta<\/li>\n\n\n\n<li>Tarkastuslautakunta, 12 vuotta<\/li>\n\n\n\n<li>Nature&#8217;s Best -hankkeen ohjausryhm\u00e4 vpj.<\/li>\n<\/ul>\n\n\n\n<p><strong>J\u00e4senyydet:<\/strong><\/p>\n\n\n\n<ul class=\"wp-block-list\">\n<li>Raittiuslautakunta vj. 4 vuotta<\/li>\n\n\n\n<li>Kunnanvaltuutettu 22 vuotta<\/li>\n\n\n\n<li>Savon Voima Oy yhti\u00f6kokous vj. 4 vuotta<\/li>\n\n\n\n<li>Tekninen lautakunta vj. 4 vuotta<\/li>\n\n\n\n<li>Kunnanhallitus vj. 2 vuotta<\/li>\n\n\n\n<li>Suhteellisten vaalien lautakunta vj. 8 vuotta<\/li>\n\n\n\n<li>Tarkastuslautakunta, vpj. 4 vuotta<\/li>\n\n\n\n<li>Koillis-Savon yhteisty\u00f6neuvottelukunta, vj. 8 vuotta<\/li>\n\n\n\n<li>Koillis-Savon yhteisty\u00f6neuvottelukunta, &nbsp;4 vuotta<\/li>\n\n\n\n<li>Kipari-hankkeen ohjaus- ja seurantaryhm\u00e4<\/li>\n\n\n\n<li>Elinkeinoty\u00f6ryhm\u00e4, 4 vuotta<\/li>\n\n\n\n<li>Vaalijalan kuntayhtym\u00e4kokousedustaja vj. 8 kertaa<\/li>\n\n\n\n<li>Vaalilautakunta 5 kertaa<\/li>\n\n\n\n<li>Vaalitoimikunta 1 kerran<\/li>\n\n\n\n<li>Valtakunnallisten kotiseutup\u00e4ivien ty\u00f6valiokunta, 3 vuotta<\/li>\n\n\n\n<li>Vanhus- ja vammaisneuvosto<\/li>\n\n\n\n<li>Kiinteist\u00f6 Oy Rautavaaran Virastotalon hallitus<\/li>\n\n\n\n<li>As Oy Keyritynsato ja As Oy Tulim\u00e4entie, vj. 4 vuotta<\/li>\n\n\n\n<li>It\u00e4-Suomen poliisin neuvottelukunta, vj, 4 vuotta<\/li>\n\n\n\n<li>Kiinteist\u00f6toimitusten uskotut miehet, 4 vuotta<\/li>\n\n\n\n<li><em>Tiedot puuttuvat vuosilta 2013\u20132020<\/em><\/li>\n<\/ul>\n\n\n\n<p><strong>Muita vastuupestej\u00e4<\/strong><\/p>\n\n\n\n<p>KD Pohjois-Savon pj 3 vuotta<br>Kansanedustajaehdokas 2011, 857 \u00e4\u00e4nt\u00e4<\/p>\n","protected":false},"excerpt":{"rendered":"<p>Periaatteitani kuntap\u00e4\u00e4tt\u00e4j\u00e4n\u00e4 Demokratia on palautettava kuntapolitiikkaan Kuntaa ei johdeta sosiaalisella medialla vaan teht\u00e4viins\u00e4 valittujen luottamushenkil\u00f6iden asiaan paneutuvan p\u00e4\u00e4t\u00f6ksenteon kautta Kohtuullisuus kaikessa kunniaan: kehitt\u00e4misess\u00e4 ja velkaantumisessa Kunnan ensisijainen teht\u00e4v\u00e4 on taata turvallinen, terve ja puhdas elinymp\u00e4rist\u00f6 sen asukkaille Rautavaaran ainutlaatuisen puhdasta&#8230;<br \/><a class=\"read-more-button\" href=\"https:\/\/ilkkaroininen.fi\/wordpress\/vaalikentilla-kysyttya\/\">Luve lissee<\/a><\/p>\n","protected":false},"author":1,"featured_media":0,"parent":0,"menu_order":0,"comment_status":"closed","ping_status":"closed","template":"","meta":{"footnotes":""},"class_list":["post-95","page","type-page","status-publish","hentry"],"_links":{"self":[{"href":"https:\/\/ilkkaroininen.fi\/wordpress\/wp-json\/wp\/v2\/pages\/95","targetHints":{"allow":["GET"]}}],"collection":[{"href":"https:\/\/ilkkaroininen.fi\/wordpress\/wp-json\/wp\/v2\/pages"}],"about":[{"href":"https:\/\/ilkkaroininen.fi\/wordpress\/wp-json\/wp\/v2\/types\/page"}],"author":[{"embeddable":true,"href":"https:\/\/ilkkaroininen.fi\/wordpress\/wp-json\/wp\/v2\/users\/1"}],"replies":[{"embeddable":true,"href":"https:\/\/ilkkaroininen.fi\/wordpress\/wp-json\/wp\/v2\/comments?post=95"}],"version-history":[{"count":8,"href":"https:\/\/ilkkaroininen.fi\/wordpress\/wp-json\/wp\/v2\/pages\/95\/revisions"}],"predecessor-version":[{"id":167,"href":"https:\/\/ilkkaroininen.fi\/wordpress\/wp-json\/wp\/v2\/pages\/95\/revisions\/167"}],"wp:attachment":[{"href":"https:\/\/ilkkaroininen.fi\/wordpress\/wp-json\/wp\/v2\/media?parent=95"}],"curies":[{"name":"wp","href":"https:\/\/api.w.org\/{rel}","templated":true}]}}